{"id":7262,"date":"2023-12-14T07:54:00","date_gmt":"2023-12-14T07:54:00","guid":{"rendered":"http:\/\/dev.abellaires.com\/product\/apicultor-per-un-dia\/"},"modified":"2026-04-22T16:58:44","modified_gmt":"2026-04-22T14:58:44","slug":"apicultores-por-un-dia","status":"publish","type":"product","link":"https:\/\/www.abellaires.com\/es\/producto\/apicultores-por-un-dia\/","title":{"rendered":"Apicultores por un d\u00eda"},"content":{"rendered":"<h3 id=\"reserva\">Reserva ahora<\/h3>\n<p class=\"p1\">Si tu reserva incluye adultos y ni\u00f1os, compra primero las entradas de adulto y despu\u00e9s realiza una segunda compra para las entradas de ni\u00f1o.<\/p>\n<!--\nPlugin Name: Bookly - Responsive WordPress Appointment Booking and Scheduling Plugin\nPlugin URI: https:\/\/www.booking-wp-plugin.com\/?utm_source=bookly_admin&utm_medium=plugins_page&utm_campaign=plugins_page\nVersion: 27.5-->\n<style type=\"text\/css\">\n    :root {\n        --bookly-main-color: #000000 !important;\n        --bookly-color: #000000 !important;\n    }\n\n    <\/style><div class=\"bookly-css-root\">\n    <div id=\"bookly-form-container-69f510e0cf09c\" class=\"bookly-form\" data-form_id=\"\" aria-live=\"polite\">\n        <div style=\"text-align: center\"><img class=\"lazyload\" decoding=\"async\" src=\"data:image\/gif;base64,R0lGODlhAQABAAAAACH5BAEKAAEALAAAAAABAAEAAAICTAEAOw==\" data-orig-src=\"https:\/\/www.abellaires.com\/wp-includes\/js\/tinymce\/skins\/lightgray\/img\/loader.gif\" alt=\"Cargando ...\"\/><\/div>\n    <\/div>\n<\/div>\n<script type=\"text\/javascript\">\n    (function (win, fn) {\n        var done = false, top = true,\n            doc = win.document,\n            root = doc.documentElement,\n            modern = doc.addEventListener,\n            add = modern ? 'addEventListener' : 'attachEvent',\n            rem = modern ? 'removeEventListener' : 'detachEvent',\n            pre = modern ? '' : 'on',\n            init = function (e) {\n                if (e.type == 'readystatechange') if (doc.readyState != 'complete') return;\n                (e.type == 'load' ? win : doc)[rem](pre + e.type, init, false);\n                if (!done) {\n                    done = true;\n                    fn.call(win, e.type || e);\n                }\n            },\n            poll = function () {\n                try {\n                    root.doScroll('left');\n                } catch (e) {\n                    setTimeout(poll, 50);\n                    return;\n                }\n                init('poll');\n            };\n        if (doc.readyState == 'complete') fn.call(win, 'lazy');\n        else {\n            if (!modern) if (root.doScroll) {\n                try {\n                    top = !win.frameElement;\n                } catch (e) {\n                }\n                if (top) poll();\n            }\n            doc[add](pre + 'DOMContentLoaded', init, false);\n            doc[add](pre + 'readystatechange', init, false);\n            win[add](pre + 'load', init, false);\n        }\n    })(window, function () {\n        window.bookly( {\"form_id\":\"69f510e0cf09c\",\"form_data\":{\"skip_service_step\":0,\"hide_service_part1\":0,\"hide_service_part2\":1,\"defaults\":{\"service_id\":4,\"staff_id\":0,\"location_id\":0,\"category_id\":1,\"units\":0,\"date_from\":0,\"time_from\":0,\"time_to\":0}},\"status\":{\"booking\":\"new\"},\"form_token\":null,\"skip_steps\":{\"service_part1\":0,\"service_part2\":1,\"extras\":1,\"time\":0,\"repeat\":1,\"cart\":1},\"errors\":{\"session_error\":\"Error de sesi\\u00f3n.\",\"form_id_error\":\"Error Identificaci\\u00f3n formulario.\",\"cart_item_not_available\":\"La hora seleccionada ya no est\\u00e1 disponible. Por favor elije otra ranura de hora.\",\"pay_locally_not_available\":\"Pagu\\u00e9 no est\\u00e1 disponible.\",\"invalid_gateway\":\"Puerta de enlace no es v\\u00e1lido.\",\"payment_error\":\"Error.\",\"incorrect_username_password\":\"Nombre de usuario o contrase\\u00f1a incorrectos.\"},\"form_attributes\":{\"hide_categories\":true,\"hide_services\":false,\"hide_staff_members\":true,\"show_number_of_persons\":true,\"hide_service_duration\":true,\"hide_locations\":true,\"hide_quantity\":true,\"hide_date\":true,\"hide_week_days\":true,\"hide_time_range\":true,\"const_category_id\":1},\"use_client_time_zone\":0,\"defaults\":{\"service_id\":4,\"staff_id\":0,\"location_id\":0,\"category_id\":1},\"datepicker_mode\":\"text-accent\",\"facebook\":{\"enabled\":0,\"appId\":\"\"}} );\n    });\n<\/script>\n<h3 data-start=\"129\" data-end=\"167\"><strong data-start=\"133\" data-end=\"165\">Visita Ap\u00edcola en el Empord\u00e0<\/strong><\/h3>\n<p data-start=\"169\" data-end=\"278\"><strong data-start=\"169\" data-end=\"179\">\u00c9poca:<\/strong> Primavera y oto\u00f1o<br data-start=\"197\" data-end=\"200\" \/><strong data-start=\"200\" data-end=\"215\">D\u00eda y hora:<\/strong> S\u00e1bados a las 9:30h<br data-start=\"235\" data-end=\"238\" \/><strong data-start=\"238\" data-end=\"262\">Duraci\u00f3n aproximada:<\/strong> 2 \u2013 2,5 horas<br \/>\n<strong>Punto de Encuentro<\/strong>: Tienda <a href=\"https:\/\/www.abellaires.com\/es\/contacto\/\">Abellaires Empordanesos<\/a> , situada en la c. Sant Sebasti\u00e0, 5 &#8211; 17780 Garriguella (Girona)<\/p>\n<p data-start=\"280\" data-end=\"415\">Emb\u00e1rcate en una <strong>experiencia de ecoturismo \u00fanica en<\/strong> <em data-start=\"318\" data-end=\"343\"><strong>Abellaires Empordanesos<\/strong><\/em>, donde descubrir\u00e1s de primera mano el fascinante mundo de las abejas.<\/p>\n<p data-start=\"417\" data-end=\"610\">Tras equiparnos con el traje de apicultor, <strong>nos dirigiremos al apiario<\/strong>\u00a0(a tan solo 5 minutos en coche). All\u00ed, conoceremos el entorno natural y la flora mel\u00edfera que alimenta a nuestras abejas.<\/p>\n<p data-start=\"612\" data-end=\"795\"><strong>Abriremos la colmena<\/strong> para observar en directo la organizaci\u00f3n y el trabajo de cada abeja, descubriendo la importancia del ahumador y de la desoperculadora en la labor del apicultor.<\/p>\n<p data-start=\"797\" data-end=\"985\">La experiencia incluye un espacio para resolver todas tus preguntas, una breve visita a nuestro obrador y, como broche final, una <strong>degustaci\u00f3n de tres mieles<\/strong> de nuestra propia producci\u00f3n.<\/p>\n<p data-start=\"987\" data-end=\"1106\">Finalizaremos en la <strong>tienda<\/strong>, donde podr\u00e1s encontrar una amplia variedad de mieles y productos derivados de la colmena.<\/p>\n<p data-start=\"1108\" data-end=\"1187\"><strong>Una experiencia dulce, educativa y aut\u00e9ntica, ideal para toda la familia.<\/strong><\/p>\n<h3 class=\"fusion-text fusion-text-2\"><strong>Precauciones:<\/strong><\/h3>\n<div class=\"flex-1 overflow-hidden\">\n<div class=\"react-scroll-to-bottom--css-dewln-79elbk h-full\">\n<div class=\"react-scroll-to-bottom--css-dewln-1n7m0yu\">\n<div class=\"flex flex-col text-sm pb-9\">\n<div class=\"w-full text-token-text-primary\" data-testid=\"conversation-turn-91\">\n<div class=\"px-4 py-2 justify-center text-base md:gap-6 m-auto\">\n<div class=\"flex flex-1 text-base mx-auto gap-3 md:px-5 lg:px-1 xl:px-5 md:max-w-3xl lg:max-w-[40rem] xl:max-w-[48rem] group final-completion\">\n<div class=\"relative flex w-full flex-col agent-turn\">\n<div class=\"flex-col gap-1 md:gap-3\">\n<div class=\"flex flex-grow flex-col max-w-full\">\n<div class=\"min-h-[20px] text-message flex flex-col items-start gap-3 whitespace-pre-wrap break-words [.text-message+&amp;]:mt-5 overflow-x-auto\" data-message-author-role=\"assistant\" data-message-id=\"5416720e-1996-444b-aaf6-52f6c6cde289\">\n<div class=\"markdown prose w-full break-words dark:prose-invert light\">\n<ul>\n<li>Actividad NO apta para personas con movilidad reducida ni menores de 5 a\u00f1os.<\/li>\n<li>No se recomienda a personas al\u00e9rgicas a las abejas.<\/li>\n<li>La visita incluye el traje de apicultor que se devolver\u00e1 al finalizar la actividad, el calzado deber\u00e1 llevarlo cada uno; aconsejamos un tipo de bota que cubra el tobillo.<\/li>\n<\/ul>\n<h3><strong>Informaci\u00f3n importante para el verano:<\/strong><\/h3>\n<ul>\n<li>Durante los meses de julio y agosto, esta actividad no se realizar\u00e1 en fechas programadas, pero tiene la opci\u00f3n de hacer una reserva como grupo el d\u00eda que desee. Debido a las temperaturas estivales, la hora de encuentro ser\u00e1 a las 8:30 h en nuestras instalaciones en Garriguella.<\/li>\n<\/ul>\n<h3><strong>Cancelaciones:<\/strong><\/h3>\n<ul>\n<li>La cancelaci\u00f3n de la reserva comunicada antes de 48 horas de la visita implicar\u00e1 una penalizaci\u00f3n del 10% del total de la misma.<\/li>\n<li>La cancelaci\u00f3n de la reserva durante las 48 horas previas al d\u00eda de la visita comportar\u00e1 la p\u00e9rdida del importe total de la reserva (tiene la opci\u00f3n de ceder la reserva a terceras personas, siempre y cuando nos lo comunique previamente).<\/li>\n<li>Esta actividad puede estar sujeta a cambios o cancelaciones seg\u00fan el pron\u00f3stico del tiempo. En caso de cancelaci\u00f3n, se propondr\u00e1n nuevas fechas.<\/li>\n<\/ul>\n<\/div>\n<\/div>\n<\/div>\n<div class=\"mt-1 flex justify-start gap-3 empty:hidden\">\n<h2 class=\"text-gray-400 flex self-end lg:self-center items-center justify-center lg:justify-start mt-0 -ml-1 h-7 gap-[2px] visible\">A tener en cuenta antes de la visita:<\/h2>\n<\/div>\n<div class=\"pr-2 lg:pr-0\">\n<h3><strong><em>Condiciones<\/em><\/strong><\/h3>\n<ul>\n<li>La reserva es v\u00e1lida s\u00f3lo para el d\u00eda y hora reservados<\/li>\n<li>Le pedimos <strong>llegar 5 o 10 minutos antes<\/strong> de la hora de salida<\/li>\n<\/ul>\n<h3><strong><em>\u00bfQu\u00e9 llevar?<\/em><\/strong><\/h3>\n<ul>\n<li><strong>CALZADO ADECUADO<\/strong> : Recomendamos Botas de ca\u00f1a media o alta<\/li>\n<li><strong>No perfumes ni aerosoles:<\/strong> Es mejor no utilizarlos antes de la visita.<\/li>\n<li>Si lleva el pelo largo, recomiendan llevar alguna goma o similar para tener el pelo recogido y no nos moleste una vez nos ponemos la careta de apicultor.<\/li>\n<\/ul>\n<\/div>\n<\/div>\n<\/div>\n<\/div>\n<\/div>\n<\/div>\n<\/div>\n<\/div>\n<\/div>\n<\/div>\n","protected":false},"excerpt":{"rendered":"<p class=\"p1\">Ven a descubrir c\u00f3mo vivimos la apicultura y visita nuestros colmenares en l\u2019Albera, en el extremo oriental de los Pirineos. Una experiencia de ecoturismo \u00fanica, perfecta para regalar.<\/p>\n<p>PRECIO ADULTO: 39\u20ac.<\/p>\n<p>PRECIO NI\u00d1OS (5-14 A\u00d1OS): 21\u20ac.<\/p>\n<p>\ud83d\udc49 <span style=\"text-decoration: underline;\"><a href=\"#RESERVA\"><strong>RESERVA<\/strong><\/a><\/span> o <a href=\"https:\/\/www.abellaires.com\/es\/producto\/regalo-apiturismo\/\"><strong><span style=\"text-decoration: underline;\">REGALA<\/span><\/strong><\/a><\/p>\n","protected":false},"featured_media":5185,"template":"","meta":{"inline_featured_image":false},"product_brand":[],"product_cat":[209,539],"product_tag":[],"class_list":{"0":"post-7262","1":"product","2":"type-product","3":"status-publish","4":"has-post-thumbnail","6":"product_cat-reserva-es","7":"product_cat-visitas-es","9":"first","10":"instock","11":"virtual","12":"product-type-simple"},"booking_location":null,"booking_location_type":null,"booking_duration":null,"booking_buffer":null,"booking_cost":null,"booking_resources":null,"_links":{"self":[{"href":"https:\/\/www.abellaires.com\/es\/wp-json\/wp\/v2\/product\/7262","targetHints":{"allow":["GET"]}}],"collection":[{"href":"https:\/\/www.abellaires.com\/es\/wp-json\/wp\/v2\/product"}],"about":[{"href":"https:\/\/www.abellaires.com\/es\/wp-json\/wp\/v2\/types\/product"}],"wp:featuredmedia":[{"embeddable":true,"href":"https:\/\/www.abellaires.com\/es\/wp-json\/wp\/v2\/media\/5185"}],"wp:attachment":[{"href":"https:\/\/www.abellaires.com\/es\/wp-json\/wp\/v2\/media?parent=7262"}],"wp:term":[{"taxonomy":"product_brand","embeddable":true,"href":"https:\/\/www.abellaires.com\/es\/wp-json\/wp\/v2\/product_brand?post=7262"},{"taxonomy":"product_cat","embeddable":true,"href":"https:\/\/www.abellaires.com\/es\/wp-json\/wp\/v2\/product_cat?post=7262"},{"taxonomy":"product_tag","embeddable":true,"href":"https:\/\/www.abellaires.com\/es\/wp-json\/wp\/v2\/product_tag?post=7262"}],"curies":[{"name":"wp","href":"https:\/\/api.w.org\/{rel}","templated":true}]}}