{"id":13593,"date":"2025-03-20T20:07:12","date_gmt":"2025-03-20T19:07:12","guid":{"rendered":"https:\/\/www.abellaires.com\/product\/miel-crue-cremeux-de-fleurs\/"},"modified":"2025-08-11T12:33:53","modified_gmt":"2025-08-11T10:33:53","slug":"miel-crue-cremeux-de-fleurs","status":"publish","type":"product","link":"https:\/\/www.abellaires.com\/fr\/produit\/miel-crue-cremeux-de-fleurs\/","title":{"rendered":"Miel brut cr\u00e9meux de fleurs de l&rsquo;Empord\u00e0"},"content":{"rendered":"<p><strong>Miel cr\u00e9meux de l&rsquo;Empord\u00e0, de printemps-\u00e9t\u00e9<\/strong>, <strong>\u00e0 l&rsquo;ar\u00f4me caract\u00e9ristique<\/strong> de son origine botanique et \u00e0 la <strong>saveur douce et sucr\u00e9e,<\/strong> avec de d\u00e9licates <em>notes farineuses<\/em> . Sa texture cr\u00e9meuse et facile \u00e0 travailler le rend <strong>id\u00e9al pour tartiner<\/strong> ou enrichir n&rsquo;importe quelle recette.<\/p>\n<p>Ce miel est \u00e9labor\u00e9 \u00e0 partir du <strong>nectar de diff\u00e9rentes esp\u00e8ces de plantes<\/strong> , selon la saison de floraison. La <strong>couleur et l&rsquo;ar\u00f4me peuvent varier<\/strong> selon la fleur pr\u00e9dominante, faisant de chaque lot une exp\u00e9rience unique et authentique.<\/p>\n<p>Le miel <strong>qui n&rsquo;est ni chauff\u00e9 ni filtr\u00e9<\/strong> , conserve 100% de ses propri\u00e9t\u00e9s naturelles et peut contenir de petites impuret\u00e9s, signe de sa <strong>puret\u00e9 et de sa qualit\u00e9 artisanale<\/strong> .<\/p>\n<p><strong>Propri\u00e9t\u00e9s traditionnelles :<\/strong> recommand\u00e9 pour les affections respiratoires, comme tonique gastrique et indiqu\u00e9 pour les rhumatismes.<\/p>\n<p>D\u00e9couvrez la <strong>puret\u00e9 de la nature<\/strong> dans chaque cuiller\u00e9e et savourez un miel qui <strong>laisse une impression sur le palais<\/strong> avec sa saveur intense et persistante.<\/p>\n","protected":false},"excerpt":{"rendered":"<p>Miel cr\u00e9meux de l&rsquo;Empord\u00e0, de printemps et d&rsquo;\u00e9t\u00e9, au go\u00fbt doux et sucr\u00e9, \u00e0 l&rsquo;ar\u00f4me botanique caract\u00e9ristique et \u00e0 la texture id\u00e9ale \u00e0 tartiner. Non filtr\u00e9 et non chauff\u00e9, il conserve toutes ses propri\u00e9t\u00e9s naturelles.<\/p>\n","protected":false},"featured_media":17538,"template":"","meta":{"inline_featured_image":false},"product_brand":[],"product_cat":[553,226],"product_tag":[587],"class_list":{"0":"post-13593","1":"product","2":"type-product","3":"status-publish","4":"has-post-thumbnail","6":"product_cat-miel-brut","7":"product_cat-miel-naturel","8":"product_tag-miel-brut-cremeux","10":"first","11":"outofstock","12":"featured","13":"shipping-taxable","14":"purchasable","15":"product-type-variable","16":"has-default-attributes"},"booking_location":null,"booking_location_type":null,"booking_duration":null,"booking_buffer":null,"booking_cost":null,"booking_resources":null,"_links":{"self":[{"href":"https:\/\/www.abellaires.com\/fr\/wp-json\/wp\/v2\/product\/13593","targetHints":{"allow":["GET"]}}],"collection":[{"href":"https:\/\/www.abellaires.com\/fr\/wp-json\/wp\/v2\/product"}],"about":[{"href":"https:\/\/www.abellaires.com\/fr\/wp-json\/wp\/v2\/types\/product"}],"wp:featuredmedia":[{"embeddable":true,"href":"https:\/\/www.abellaires.com\/fr\/wp-json\/wp\/v2\/media\/17538"}],"wp:attachment":[{"href":"https:\/\/www.abellaires.com\/fr\/wp-json\/wp\/v2\/media?parent=13593"}],"wp:term":[{"taxonomy":"product_brand","embeddable":true,"href":"https:\/\/www.abellaires.com\/fr\/wp-json\/wp\/v2\/product_brand?post=13593"},{"taxonomy":"product_cat","embeddable":true,"href":"https:\/\/www.abellaires.com\/fr\/wp-json\/wp\/v2\/product_cat?post=13593"},{"taxonomy":"product_tag","embeddable":true,"href":"https:\/\/www.abellaires.com\/fr\/wp-json\/wp\/v2\/product_tag?post=13593"}],"curies":[{"name":"wp","href":"https:\/\/api.w.org\/{rel}","templated":true}]}}